{"version":"1.0","provider_name":"Haber K\u0131n\u0131k","provider_url":"https:\/\/haberkinik.com","author_name":"ilyapsosyal","author_url":"https:\/\/haberkinik.com\/index.php\/author\/ilyapsosyal\/","title":"K\u0131n\u0131k\u2019ta 23 Nisan Co\u015fkusu - Haber K\u0131n\u0131k","type":"rich","width":600,"height":338,"html":"<blockquote class=\"wp-embedded-content\" data-secret=\"qP8viGgW8H\"><a href=\"https:\/\/haberkinik.com\/index.php\/2023\/04\/24\/kinikta-23-nisan-coskusu\/\">K\u0131n\u0131k\u2019ta 23 Nisan Co\u015fkusu<\/a><\/blockquote><iframe sandbox=\"allow-scripts\" security=\"restricted\" src=\"https:\/\/haberkinik.com\/index.php\/2023\/04\/24\/kinikta-23-nisan-coskusu\/embed\/#?secret=qP8viGgW8H\" width=\"600\" height=\"338\" title=\"&#8220;K\u0131n\u0131k\u2019ta 23 Nisan Co\u015fkusu&#8221; &#8212; Haber K\u0131n\u0131k\" data-secret=\"qP8viGgW8H\" frameborder=\"0\" marginwidth=\"0\" marginheight=\"0\" scrolling=\"no\" class=\"wp-embedded-content\"><\/iframe><script type=\"text\/javascript\">\n\/*! This file is auto-generated *\/\n!function(c,d){\"use strict\";var e=!1,o=!1;if(d.querySelector)if(c.addEventListener)e=!0;if(c.wp=c.wp||{},c.wp.receiveEmbedMessage);else if(c.wp.receiveEmbedMessage=function(e){var t=e.data;if(!t);else if(!(t.secret||t.message||t.value));else if(\/[^a-zA-Z0-9]\/.test(t.secret));else{for(var r,s,a,i=d.querySelectorAll('iframe[data-secret=\"'+t.secret+'\"]'),n=d.querySelectorAll('blockquote[data-secret=\"'+t.secret+'\"]'),o=new RegExp(\"^https?:$\",\"i\"),l=0;l<n.length;l++)n[l].style.display=\"none\";for(l=0;l<i.length;l++)if(r=i[l],e.source!==r.contentWindow);else{if(r.removeAttribute(\"style\"),\"height\"===t.message){if(1e3<(s=parseInt(t.value,10)))s=1e3;else if(~~s<200)s=200;r.height=s}if(\"link\"===t.message)if(s=d.createElement(\"a\"),a=d.createElement(\"a\"),s.href=r.getAttribute(\"src\"),a.href=t.value,!o.test(a.protocol));else if(a.host===s.host)if(d.activeElement===r)c.top.location.href=t.value}}},e)c.addEventListener(\"message\",c.wp.receiveEmbedMessage,!1),d.addEventListener(\"DOMContentLoaded\",t,!1),c.addEventListener(\"load\",t,!1);function t(){if(o);else{o=!0;for(var e,t,r,s=-1!==navigator.appVersion.indexOf(\"MSIE 10\"),a=!!navigator.userAgent.match(\/Trident.*rv:11\\.\/),i=d.querySelectorAll(\"iframe.wp-embedded-content\"),n=0;n<i.length;n++){if(!(r=(t=i[n]).getAttribute(\"data-secret\")))r=Math.random().toString(36).substr(2,10),t.src+=\"#?secret=\"+r,t.setAttribute(\"data-secret\",r);if(s||a)(e=t.cloneNode(!0)).removeAttribute(\"security\"),t.parentNode.replaceChild(e,t);t.contentWindow.postMessage({message:\"ready\",secret:r},\"*\")}}}}(window,document);\n<\/script>\n","thumbnail_url":"https:\/\/haberkinik.com\/storage\/2023\/04\/e7945c6b-b959-4945-95fc-3835823302d1.jpeg?v=1682334269","thumbnail_width":1080,"thumbnail_height":720,"description":"B\u00fcy\u00fck \u00d6nder Mustafa Kemal Atat\u00fcrk\u2019\u00fcn t\u00fcm d\u00fcnya \u00e7ocuklar\u0131na arma\u011fan\u0131 23 Nisan Ulusal Egemenlik ve \u00c7ocuk Bayram\u0131 ile TBMM\u2019nin a\u00e7\u0131l\u0131\u015f\u0131n\u0131n 103. Y\u0131l d\u00f6n\u00fcm\u00fc K\u0131n\u0131k\u2019ta kutland\u0131. 23 Nisan Ulusal Egemenlik ve \u00c7ocuk Bayram\u0131 dolay\u0131s\u0131yla H\u00fck\u00fcmet Kona\u011f\u0131 \u00f6n\u00fcndeki Atat\u00fcrk An\u0131t\u0131&#8217;na \u0130l\u00e7e Milli E\u011fitim M\u00fcd\u00fcr\u00fc \u00d6mer Derelio\u011flu ve \u00f6\u011fretmenler taraf\u0131ndan \u00e7elenk sunuldu. Cumhuriyet Meydan\u0131\u2019nda ger\u00e7ekle\u015ftirilen kutlama program\u0131nda ise K\u0131n\u0131k [&hellip;]"}