{"version":"1.0","provider_name":"Haber K\u0131n\u0131k","provider_url":"https:\/\/haberkinik.com","author_name":"ilyapsosyal","author_url":"https:\/\/haberkinik.com\/index.php\/author\/ilyapsosyal\/","title":"BERTO, \u0130N\u015eAAT SEKT\u00d6R\u00dcNDEK\u0130 \u00dcYELER\u0130 \u2018\u0130ZSU\u2019 \u0130LE BULU\u015eTURDU - Haber K\u0131n\u0131k","type":"rich","width":600,"height":338,"html":"<blockquote class=\"wp-embedded-content\" data-secret=\"xFCTruiCvd\"><a href=\"https:\/\/haberkinik.com\/index.php\/2024\/10\/11\/berto-insaat-sektorundeki-uyeleri-izsu-ile-bulusturdu\/\">BERTO, \u0130N\u015eAAT SEKT\u00d6R\u00dcNDEK\u0130 \u00dcYELER\u0130 \u2018\u0130ZSU\u2019 \u0130LE BULU\u015eTURDU<\/a><\/blockquote><iframe sandbox=\"allow-scripts\" security=\"restricted\" src=\"https:\/\/haberkinik.com\/index.php\/2024\/10\/11\/berto-insaat-sektorundeki-uyeleri-izsu-ile-bulusturdu\/embed\/#?secret=xFCTruiCvd\" width=\"600\" height=\"338\" title=\"&#8220;BERTO, \u0130N\u015eAAT SEKT\u00d6R\u00dcNDEK\u0130 \u00dcYELER\u0130 \u2018\u0130ZSU\u2019 \u0130LE BULU\u015eTURDU&#8221; &#8212; Haber K\u0131n\u0131k\" data-secret=\"xFCTruiCvd\" frameborder=\"0\" marginwidth=\"0\" marginheight=\"0\" scrolling=\"no\" class=\"wp-embedded-content\"><\/iframe><script type=\"text\/javascript\">\n\/*! This file is auto-generated *\/\n!function(c,d){\"use strict\";var e=!1,o=!1;if(d.querySelector)if(c.addEventListener)e=!0;if(c.wp=c.wp||{},c.wp.receiveEmbedMessage);else if(c.wp.receiveEmbedMessage=function(e){var t=e.data;if(!t);else if(!(t.secret||t.message||t.value));else if(\/[^a-zA-Z0-9]\/.test(t.secret));else{for(var r,s,a,i=d.querySelectorAll('iframe[data-secret=\"'+t.secret+'\"]'),n=d.querySelectorAll('blockquote[data-secret=\"'+t.secret+'\"]'),o=new RegExp(\"^https?:$\",\"i\"),l=0;l<n.length;l++)n[l].style.display=\"none\";for(l=0;l<i.length;l++)if(r=i[l],e.source!==r.contentWindow);else{if(r.removeAttribute(\"style\"),\"height\"===t.message){if(1e3<(s=parseInt(t.value,10)))s=1e3;else if(~~s<200)s=200;r.height=s}if(\"link\"===t.message)if(s=d.createElement(\"a\"),a=d.createElement(\"a\"),s.href=r.getAttribute(\"src\"),a.href=t.value,!o.test(a.protocol));else if(a.host===s.host)if(d.activeElement===r)c.top.location.href=t.value}}},e)c.addEventListener(\"message\",c.wp.receiveEmbedMessage,!1),d.addEventListener(\"DOMContentLoaded\",t,!1),c.addEventListener(\"load\",t,!1);function t(){if(o);else{o=!0;for(var e,t,r,s=-1!==navigator.appVersion.indexOf(\"MSIE 10\"),a=!!navigator.userAgent.match(\/Trident.*rv:11\\.\/),i=d.querySelectorAll(\"iframe.wp-embedded-content\"),n=0;n<i.length;n++){if(!(r=(t=i[n]).getAttribute(\"data-secret\")))r=Math.random().toString(36).substr(2,10),t.src+=\"#?secret=\"+r,t.setAttribute(\"data-secret\",r);if(s||a)(e=t.cloneNode(!0)).removeAttribute(\"security\"),t.parentNode.replaceChild(e,t);t.contentWindow.postMessage({message:\"ready\",secret:r},\"*\")}}}}(window,document);\n<\/script>\n","thumbnail_url":"https:\/\/haberkinik.com\/storage\/2024\/10\/bbb378d4-99d7-49db-a875-2705a60a9d50-e1728615870155.jpg?v=1728615856","thumbnail_width":2560,"thumbnail_height":1164,"description":"Bergama Ticaret Odas\u0131, \u00f6zellikle in\u015faat sekt\u00f6r\u00fcn\u00fcn Bergama, Dikili ve K\u0131n\u0131k\u2019ta ya\u015fad\u0131\u011f\u0131 \u2018su\u2019 odakl\u0131 sorunlar\u0131n \u00e7\u00f6z\u00fcm\u00fc i\u00e7in sekt\u00f6r temsilcileri ve \u0130ZSU yetkililerini bir araya getirdi. Toplant\u0131n\u0131n a\u00e7\u0131l\u0131\u015f konu\u015fmas\u0131n\u0131 yapan BERTO Ba\u015fkan\u0131 L\u00fctfi Kolat; \u201cH\u0131zla geli\u015fen b\u00f6lgemizde Bergama, Dikili ve K\u0131n\u0131k\u2019ta in\u015faat faaliyetleri art\u0131yor. BERTO Meslek Komitelerimiz, \u00f6zellikle in\u015faat sekt\u00f6r\u00fcnde ya\u015fanan baz\u0131 sorunlar\u0131 bize iletti. Biz de [&hellip;]"}