{"version":"1.0","provider_name":"Haber K\u0131n\u0131k","provider_url":"https:\/\/haberkinik.com","author_name":"ilyapsosyal","author_url":"https:\/\/haberkinik.com\/index.php\/author\/ilyapsosyal\/","title":"\"KARES\u0130 BEY\u0130 REYT\u0130NG U\u011eRUNA KURBAN ED\u0130LEMEZ\" - Haber K\u0131n\u0131k","type":"rich","width":600,"height":338,"html":"<blockquote class=\"wp-embedded-content\" data-secret=\"dhzkK5Rker\"><a href=\"https:\/\/haberkinik.com\/index.php\/2024\/12\/10\/karesi-beyi-reyting-ugruna-kurban-edilemez\/\">&#8220;KARES\u0130 BEY\u0130 REYT\u0130NG U\u011eRUNA KURBAN ED\u0130LEMEZ&#8221;<\/a><\/blockquote><iframe sandbox=\"allow-scripts\" security=\"restricted\" src=\"https:\/\/haberkinik.com\/index.php\/2024\/12\/10\/karesi-beyi-reyting-ugruna-kurban-edilemez\/embed\/#?secret=dhzkK5Rker\" width=\"600\" height=\"338\" title=\"&#8220;&#8220;KARES\u0130 BEY\u0130 REYT\u0130NG U\u011eRUNA KURBAN ED\u0130LEMEZ&#8221;&#8221; &#8212; Haber K\u0131n\u0131k\" data-secret=\"dhzkK5Rker\" frameborder=\"0\" marginwidth=\"0\" marginheight=\"0\" scrolling=\"no\" class=\"wp-embedded-content\"><\/iframe><script type=\"text\/javascript\">\n\/*! This file is auto-generated *\/\n!function(c,d){\"use strict\";var e=!1,o=!1;if(d.querySelector)if(c.addEventListener)e=!0;if(c.wp=c.wp||{},c.wp.receiveEmbedMessage);else if(c.wp.receiveEmbedMessage=function(e){var t=e.data;if(!t);else if(!(t.secret||t.message||t.value));else if(\/[^a-zA-Z0-9]\/.test(t.secret));else{for(var r,s,a,i=d.querySelectorAll('iframe[data-secret=\"'+t.secret+'\"]'),n=d.querySelectorAll('blockquote[data-secret=\"'+t.secret+'\"]'),o=new RegExp(\"^https?:$\",\"i\"),l=0;l<n.length;l++)n[l].style.display=\"none\";for(l=0;l<i.length;l++)if(r=i[l],e.source!==r.contentWindow);else{if(r.removeAttribute(\"style\"),\"height\"===t.message){if(1e3<(s=parseInt(t.value,10)))s=1e3;else if(~~s<200)s=200;r.height=s}if(\"link\"===t.message)if(s=d.createElement(\"a\"),a=d.createElement(\"a\"),s.href=r.getAttribute(\"src\"),a.href=t.value,!o.test(a.protocol));else if(a.host===s.host)if(d.activeElement===r)c.top.location.href=t.value}}},e)c.addEventListener(\"message\",c.wp.receiveEmbedMessage,!1),d.addEventListener(\"DOMContentLoaded\",t,!1),c.addEventListener(\"load\",t,!1);function t(){if(o);else{o=!0;for(var e,t,r,s=-1!==navigator.appVersion.indexOf(\"MSIE 10\"),a=!!navigator.userAgent.match(\/Trident.*rv:11\\.\/),i=d.querySelectorAll(\"iframe.wp-embedded-content\"),n=0;n<i.length;n++){if(!(r=(t=i[n]).getAttribute(\"data-secret\")))r=Math.random().toString(36).substr(2,10),t.src+=\"#?secret=\"+r,t.setAttribute(\"data-secret\",r);if(s||a)(e=t.cloneNode(!0)).removeAttribute(\"security\"),t.parentNode.replaceChild(e,t);t.contentWindow.postMessage({message:\"ready\",secret:r},\"*\")}}}}(window,document);\n<\/script>\n","thumbnail_url":"https:\/\/haberkinik.com\/storage\/2024\/12\/TTTTTTTTTTTTT.jpg?v=1733788745","thumbnail_width":1185,"thumbnail_height":717,"description":"Bal\u0131kesir Y\u00f6r\u00fck T\u00fcrkmen Federasyonu, Karesi Beyi\u2019ne sahip \u00e7\u0131kmak amac\u0131yla bir bas\u0131n a\u00e7\u0131klamas\u0131 d\u00fczenledi. Karesi T\u00fcrbesi \u00f6n\u00fcnde yap\u0131lan a\u00e7\u0131klamaya Soma \u00c7epni Boyu Derne\u011fi y\u00f6neticileri destek vermek i\u00e7in kat\u0131ld\u0131lar ve \u201cKaresi Beyi\u2019nin ulusla bir kanal dizisinde hain olarak g\u00f6sterilmesini \u015fiddetle k\u0131n\u0131yoruz.\u201d dediler. Erg\u00fcven\u2019in yapt\u0131\u011f\u0131 a\u00e7\u0131klamada, \u201cKaresi Beyli\u011fi, Osmanl\u0131\u2019ya sava\u015fs\u0131z kat\u0131lm\u0131\u015f ve Osmanl\u0131 ordusunun ve donanmas\u0131n\u0131n belkemi\u011fi olmu\u015ftur. [&hellip;]"}