{"version":"1.0","provider_name":"Haber K\u0131n\u0131k","provider_url":"https:\/\/haberkinik.com","author_name":"ilyapsosyal","author_url":"https:\/\/haberkinik.com\/index.php\/author\/ilyapsosyal\/","title":"Kaymakam Alimo\u011flu Pazarc\u0131 Esnaf\u0131n\u0131 Ziyaret Etti - Haber K\u0131n\u0131k","type":"rich","width":600,"height":338,"html":"<blockquote class=\"wp-embedded-content\" data-secret=\"excClm7nW4\"><a href=\"https:\/\/haberkinik.com\/index.php\/2025\/02\/15\/kaymakam-alimoglu-pazarci-esnafi-ziyaret-etti\/\">Kaymakam Alimo\u011flu Pazarc\u0131 Esnaf\u0131n\u0131 Ziyaret Etti<\/a><\/blockquote><iframe sandbox=\"allow-scripts\" security=\"restricted\" src=\"https:\/\/haberkinik.com\/index.php\/2025\/02\/15\/kaymakam-alimoglu-pazarci-esnafi-ziyaret-etti\/embed\/#?secret=excClm7nW4\" width=\"600\" height=\"338\" title=\"&#8220;Kaymakam Alimo\u011flu Pazarc\u0131 Esnaf\u0131n\u0131 Ziyaret Etti&#8221; &#8212; Haber K\u0131n\u0131k\" data-secret=\"excClm7nW4\" frameborder=\"0\" marginwidth=\"0\" marginheight=\"0\" scrolling=\"no\" class=\"wp-embedded-content\"><\/iframe><script type=\"text\/javascript\">\n\/*! This file is auto-generated *\/\n!function(c,d){\"use strict\";var e=!1,o=!1;if(d.querySelector)if(c.addEventListener)e=!0;if(c.wp=c.wp||{},c.wp.receiveEmbedMessage);else if(c.wp.receiveEmbedMessage=function(e){var t=e.data;if(!t);else if(!(t.secret||t.message||t.value));else if(\/[^a-zA-Z0-9]\/.test(t.secret));else{for(var r,s,a,i=d.querySelectorAll('iframe[data-secret=\"'+t.secret+'\"]'),n=d.querySelectorAll('blockquote[data-secret=\"'+t.secret+'\"]'),o=new RegExp(\"^https?:$\",\"i\"),l=0;l<n.length;l++)n[l].style.display=\"none\";for(l=0;l<i.length;l++)if(r=i[l],e.source!==r.contentWindow);else{if(r.removeAttribute(\"style\"),\"height\"===t.message){if(1e3<(s=parseInt(t.value,10)))s=1e3;else if(~~s<200)s=200;r.height=s}if(\"link\"===t.message)if(s=d.createElement(\"a\"),a=d.createElement(\"a\"),s.href=r.getAttribute(\"src\"),a.href=t.value,!o.test(a.protocol));else if(a.host===s.host)if(d.activeElement===r)c.top.location.href=t.value}}},e)c.addEventListener(\"message\",c.wp.receiveEmbedMessage,!1),d.addEventListener(\"DOMContentLoaded\",t,!1),c.addEventListener(\"load\",t,!1);function t(){if(o);else{o=!0;for(var e,t,r,s=-1!==navigator.appVersion.indexOf(\"MSIE 10\"),a=!!navigator.userAgent.match(\/Trident.*rv:11\\.\/),i=d.querySelectorAll(\"iframe.wp-embedded-content\"),n=0;n<i.length;n++){if(!(r=(t=i[n]).getAttribute(\"data-secret\")))r=Math.random().toString(36).substr(2,10),t.src+=\"#?secret=\"+r,t.setAttribute(\"data-secret\",r);if(s||a)(e=t.cloneNode(!0)).removeAttribute(\"security\"),t.parentNode.replaceChild(e,t);t.contentWindow.postMessage({message:\"ready\",secret:r},\"*\")}}}}(window,document);\n<\/script>\n","thumbnail_url":"https:\/\/haberkinik.com\/storage\/2025\/02\/FB_IMG_1739613062907.jpg?v=1739613086","thumbnail_width":1080,"thumbnail_height":810,"description":"K\u0131n\u0131k Kaymakam\u0131 Onur AL\u0130MO\u011eLU il\u00e7ede cuma g\u00fcnleri kurulan pazar yerini ziyaret ederek esnaflara hay\u0131rl\u0131 i\u015fler dileyerek ve vatanda\u015flar\u0131n hal hat\u0131rlar\u0131n\u0131 sordu. K\u0131n\u0131k Kaymakam\u0131 Onur AL\u0130MO\u011eLU, \u0130l\u00e7emizde Cuma g\u00fcnleri kurulan pazar\u0131 ziyaret etti. Pazar esnaflar\u0131m\u0131za kolayl\u0131klar ve bol kazan\u00e7lar temennisinde bulundu. Al\u0131\u015fveri\u015f yapan vatanda\u015flarla sohbet ederek, ihtiya\u00e7 ve taleplerini dinleyerek bereketli al\u0131\u015fveri\u015fler temennisinde bulundu."}