{"version":"1.0","provider_name":"Haber K\u0131n\u0131k","provider_url":"https:\/\/haberkinik.com","author_name":"ilyapsosyal","author_url":"https:\/\/haberkinik.com\/index.php\/author\/ilyapsosyal\/","title":"BEAFSAD, FOTO\u011eRAFLARINI BERTO'NUN 100. YILI \u0130\u00c7\u0130N \u00c7EKECEK - Haber K\u0131n\u0131k","type":"rich","width":600,"height":338,"html":"<blockquote class=\"wp-embedded-content\" data-secret=\"I9khLCr6gs\"><a href=\"https:\/\/haberkinik.com\/index.php\/2025\/03\/21\/beafsad-fotograflarini-bertonun-100-yili-icin-cekecek\/\">BEAFSAD, FOTO\u011eRAFLARINI BERTO&#8217;NUN 100. YILI \u0130\u00c7\u0130N \u00c7EKECEK<\/a><\/blockquote><iframe sandbox=\"allow-scripts\" security=\"restricted\" src=\"https:\/\/haberkinik.com\/index.php\/2025\/03\/21\/beafsad-fotograflarini-bertonun-100-yili-icin-cekecek\/embed\/#?secret=I9khLCr6gs\" width=\"600\" height=\"338\" title=\"&#8220;BEAFSAD, FOTO\u011eRAFLARINI BERTO&#8217;NUN 100. YILI \u0130\u00c7\u0130N \u00c7EKECEK&#8221; &#8212; Haber K\u0131n\u0131k\" data-secret=\"I9khLCr6gs\" frameborder=\"0\" marginwidth=\"0\" marginheight=\"0\" scrolling=\"no\" class=\"wp-embedded-content\"><\/iframe><script type=\"text\/javascript\">\n\/*! This file is auto-generated *\/\n!function(c,d){\"use strict\";var e=!1,o=!1;if(d.querySelector)if(c.addEventListener)e=!0;if(c.wp=c.wp||{},c.wp.receiveEmbedMessage);else if(c.wp.receiveEmbedMessage=function(e){var t=e.data;if(!t);else if(!(t.secret||t.message||t.value));else if(\/[^a-zA-Z0-9]\/.test(t.secret));else{for(var r,s,a,i=d.querySelectorAll('iframe[data-secret=\"'+t.secret+'\"]'),n=d.querySelectorAll('blockquote[data-secret=\"'+t.secret+'\"]'),o=new RegExp(\"^https?:$\",\"i\"),l=0;l<n.length;l++)n[l].style.display=\"none\";for(l=0;l<i.length;l++)if(r=i[l],e.source!==r.contentWindow);else{if(r.removeAttribute(\"style\"),\"height\"===t.message){if(1e3<(s=parseInt(t.value,10)))s=1e3;else if(~~s<200)s=200;r.height=s}if(\"link\"===t.message)if(s=d.createElement(\"a\"),a=d.createElement(\"a\"),s.href=r.getAttribute(\"src\"),a.href=t.value,!o.test(a.protocol));else if(a.host===s.host)if(d.activeElement===r)c.top.location.href=t.value}}},e)c.addEventListener(\"message\",c.wp.receiveEmbedMessage,!1),d.addEventListener(\"DOMContentLoaded\",t,!1),c.addEventListener(\"load\",t,!1);function t(){if(o);else{o=!0;for(var e,t,r,s=-1!==navigator.appVersion.indexOf(\"MSIE 10\"),a=!!navigator.userAgent.match(\/Trident.*rv:11\\.\/),i=d.querySelectorAll(\"iframe.wp-embedded-content\"),n=0;n<i.length;n++){if(!(r=(t=i[n]).getAttribute(\"data-secret\")))r=Math.random().toString(36).substr(2,10),t.src+=\"#?secret=\"+r,t.setAttribute(\"data-secret\",r);if(s||a)(e=t.cloneNode(!0)).removeAttribute(\"security\"),t.parentNode.replaceChild(e,t);t.contentWindow.postMessage({message:\"ready\",secret:r},\"*\")}}}}(window,document);\n<\/script>\n","thumbnail_url":"https:\/\/haberkinik.com\/storage\/2025\/03\/ba42c4ef-2526-47b8-8591-8a189559c76d.jpg?v=1742543159","thumbnail_width":2560,"thumbnail_height":1882,"description":"Bergama Ticaret Odas\u0131, kurulu\u015funun 100. y\u0131l d\u00f6n\u00fcm\u00fcnde \u00e7e\u015fitli etkinlikler i\u00e7in \u00e7al\u0131\u015fmalara devam ediyor. Bu kapsamda Bergama Ticaret Odas\u0131 Y\u00f6netimi ve Bergama Amat\u00f6r Foto\u011fraf Sanat\u0131 Derne\u011fi (BEAFSAD) Y\u00f6netimi bir araya gelerek, Bergama, Dikili ve K\u0131n\u0131k&#8217;ta yer alan ticaret hayat\u0131n\u0131n foto\u011fraflanmas\u0131na y\u00f6nelik kapsaml\u0131 bir foto\u011fraf etkinli\u011fi \u00fczerine de\u011ferlendirmelerde bulundu. Bu s\u00fcre\u00e7te \u00f6zellikle &#8216;\u0130\u015f ve Ticaret&#8217; kategorisinde, b\u00f6lgenin [&hellip;]"}