{"version":"1.0","provider_name":"Haber K\u0131n\u0131k","provider_url":"https:\/\/haberkinik.com","author_name":"ilyapsosyal","author_url":"https:\/\/haberkinik.com\/index.php\/author\/ilyapsosyal\/","title":"Kaymakam Alimo\u011flu'nun 1 May\u0131s Mesaj\u0131 - Haber K\u0131n\u0131k","type":"rich","width":600,"height":338,"html":"<blockquote class=\"wp-embedded-content\" data-secret=\"0dxC7ftpQx\"><a href=\"https:\/\/haberkinik.com\/index.php\/2025\/05\/01\/kaymakam-alimoglunun-1-mayis-mesaji\/\">Kaymakam Alimo\u011flu&#8217;nun 1 May\u0131s Mesaj\u0131<\/a><\/blockquote><iframe sandbox=\"allow-scripts\" security=\"restricted\" src=\"https:\/\/haberkinik.com\/index.php\/2025\/05\/01\/kaymakam-alimoglunun-1-mayis-mesaji\/embed\/#?secret=0dxC7ftpQx\" width=\"600\" height=\"338\" title=\"&#8220;Kaymakam Alimo\u011flu&#8217;nun 1 May\u0131s Mesaj\u0131&#8221; &#8212; Haber K\u0131n\u0131k\" data-secret=\"0dxC7ftpQx\" frameborder=\"0\" marginwidth=\"0\" marginheight=\"0\" scrolling=\"no\" class=\"wp-embedded-content\"><\/iframe><script type=\"text\/javascript\">\n\/*! This file is auto-generated *\/\n!function(c,d){\"use strict\";var e=!1,o=!1;if(d.querySelector)if(c.addEventListener)e=!0;if(c.wp=c.wp||{},c.wp.receiveEmbedMessage);else if(c.wp.receiveEmbedMessage=function(e){var t=e.data;if(!t);else if(!(t.secret||t.message||t.value));else if(\/[^a-zA-Z0-9]\/.test(t.secret));else{for(var r,s,a,i=d.querySelectorAll('iframe[data-secret=\"'+t.secret+'\"]'),n=d.querySelectorAll('blockquote[data-secret=\"'+t.secret+'\"]'),o=new RegExp(\"^https?:$\",\"i\"),l=0;l<n.length;l++)n[l].style.display=\"none\";for(l=0;l<i.length;l++)if(r=i[l],e.source!==r.contentWindow);else{if(r.removeAttribute(\"style\"),\"height\"===t.message){if(1e3<(s=parseInt(t.value,10)))s=1e3;else if(~~s<200)s=200;r.height=s}if(\"link\"===t.message)if(s=d.createElement(\"a\"),a=d.createElement(\"a\"),s.href=r.getAttribute(\"src\"),a.href=t.value,!o.test(a.protocol));else if(a.host===s.host)if(d.activeElement===r)c.top.location.href=t.value}}},e)c.addEventListener(\"message\",c.wp.receiveEmbedMessage,!1),d.addEventListener(\"DOMContentLoaded\",t,!1),c.addEventListener(\"load\",t,!1);function t(){if(o);else{o=!0;for(var e,t,r,s=-1!==navigator.appVersion.indexOf(\"MSIE 10\"),a=!!navigator.userAgent.match(\/Trident.*rv:11\\.\/),i=d.querySelectorAll(\"iframe.wp-embedded-content\"),n=0;n<i.length;n++){if(!(r=(t=i[n]).getAttribute(\"data-secret\")))r=Math.random().toString(36).substr(2,10),t.src+=\"#?secret=\"+r,t.setAttribute(\"data-secret\",r);if(s||a)(e=t.cloneNode(!0)).removeAttribute(\"security\"),t.parentNode.replaceChild(e,t);t.contentWindow.postMessage({message:\"ready\",secret:r},\"*\")}}}}(window,document);\n<\/script>\n","thumbnail_url":"https:\/\/haberkinik.com\/storage\/2025\/05\/FB_IMG_1746089965975.jpg?v=1746090676","thumbnail_width":1072,"thumbnail_height":1072,"description":"K\u0131n\u0131k Kaymakam\u0131 Onur Alimo\u011flu, 1 May\u0131s Emek ve Dayan\u0131\u015fma G\u00fcn\u00fc ile ilgili mesaj yay\u0131mlad\u0131. Kaymakam Alimo\u011flu yay\u0131nlad\u0131\u011f\u0131 mesajda, &#8220;1 May\u0131s Emek ve Dayan\u0131\u015fma G\u00fcn\u00fc, daha iyi bir gelecek i\u00e7in ter ak\u0131tan, gecesini g\u00fcnd\u00fcz\u00fcne katarak fedakarca \u00e7al\u0131\u015fan, sosyal ve ekonomik y\u00f6nden kalk\u0131nmam\u0131z\u0131n temel g\u00fcc\u00fc olan i\u015f\u00e7i ve emek\u00e7i karde\u015flerimize bir vefa g\u00fcn\u00fc olarak kutlanmaktad\u0131r. Hi\u00e7 ku\u015fkusuz [&hellip;]"}