{"version":"1.0","provider_name":"Haber K\u0131n\u0131k","provider_url":"https:\/\/haberkinik.com","author_name":"ilyapsosyal","author_url":"https:\/\/haberkinik.com\/index.php\/author\/ilyapsosyal\/","title":"Rumen \u00d6\u011frencilerden Kaymakam Alimo\u011flu\u2019na Ziyaret - Haber K\u0131n\u0131k","type":"rich","width":600,"height":338,"html":"<blockquote class=\"wp-embedded-content\" data-secret=\"Qt6QvaSjOs\"><a href=\"https:\/\/haberkinik.com\/index.php\/2025\/07\/14\/rumen-ogrencilerden-kaymakam-alimogluna-ziyaret\/\"><strong>Rumen \u00d6\u011frencilerden Kaymakam Alimo\u011flu\u2019na Ziyaret<\/strong><\/a><\/blockquote><iframe sandbox=\"allow-scripts\" security=\"restricted\" src=\"https:\/\/haberkinik.com\/index.php\/2025\/07\/14\/rumen-ogrencilerden-kaymakam-alimogluna-ziyaret\/embed\/#?secret=Qt6QvaSjOs\" width=\"600\" height=\"338\" title=\"&#8220;&lt;strong&gt;Rumen \u00d6\u011frencilerden Kaymakam Alimo\u011flu\u2019na Ziyaret&lt;\/strong&gt;&#8221; &#8212; Haber K\u0131n\u0131k\" data-secret=\"Qt6QvaSjOs\" frameborder=\"0\" marginwidth=\"0\" marginheight=\"0\" scrolling=\"no\" class=\"wp-embedded-content\"><\/iframe><script type=\"text\/javascript\">\n\/*! This file is auto-generated *\/\n!function(c,d){\"use strict\";var e=!1,o=!1;if(d.querySelector)if(c.addEventListener)e=!0;if(c.wp=c.wp||{},c.wp.receiveEmbedMessage);else if(c.wp.receiveEmbedMessage=function(e){var t=e.data;if(!t);else if(!(t.secret||t.message||t.value));else if(\/[^a-zA-Z0-9]\/.test(t.secret));else{for(var r,s,a,i=d.querySelectorAll('iframe[data-secret=\"'+t.secret+'\"]'),n=d.querySelectorAll('blockquote[data-secret=\"'+t.secret+'\"]'),o=new RegExp(\"^https?:$\",\"i\"),l=0;l<n.length;l++)n[l].style.display=\"none\";for(l=0;l<i.length;l++)if(r=i[l],e.source!==r.contentWindow);else{if(r.removeAttribute(\"style\"),\"height\"===t.message){if(1e3<(s=parseInt(t.value,10)))s=1e3;else if(~~s<200)s=200;r.height=s}if(\"link\"===t.message)if(s=d.createElement(\"a\"),a=d.createElement(\"a\"),s.href=r.getAttribute(\"src\"),a.href=t.value,!o.test(a.protocol));else if(a.host===s.host)if(d.activeElement===r)c.top.location.href=t.value}}},e)c.addEventListener(\"message\",c.wp.receiveEmbedMessage,!1),d.addEventListener(\"DOMContentLoaded\",t,!1),c.addEventListener(\"load\",t,!1);function t(){if(o);else{o=!0;for(var e,t,r,s=-1!==navigator.appVersion.indexOf(\"MSIE 10\"),a=!!navigator.userAgent.match(\/Trident.*rv:11\\.\/),i=d.querySelectorAll(\"iframe.wp-embedded-content\"),n=0;n<i.length;n++){if(!(r=(t=i[n]).getAttribute(\"data-secret\")))r=Math.random().toString(36).substr(2,10),t.src+=\"#?secret=\"+r,t.setAttribute(\"data-secret\",r);if(s||a)(e=t.cloneNode(!0)).removeAttribute(\"security\"),t.parentNode.replaceChild(e,t);t.contentWindow.postMessage({message:\"ready\",secret:r},\"*\")}}}}(window,document);\n<\/script>\n","thumbnail_url":"https:\/\/haberkinik.com\/storage\/2025\/07\/519433033_719205767662355_8357442789422892030_n.jpg?v=1752519317","thumbnail_width":2048,"thumbnail_height":1400,"description":"Romanya&#8217;n\u0131n Piatra Neam\u021b kentinde bulunan Colegiul Tehnic &#8220;Gheorghe Cartianu&#8221; Meslek Lisesinden Erasmus projesi kapsam\u0131nda T\u00fcrkiye\u2019ye gelen 23 \u00f6\u011frenci ve 5 \u00f6\u011fretmenden olu\u015fan heyet, K\u0131n\u0131k Mesleki ve Teknik Anadolu Lisesi ile y\u00fcr\u00fctt\u00fckleri i\u015f birli\u011fi \u00e7er\u00e7evesinde K\u0131n\u0131k Kaymakam\u0131 Onur Alimo\u011flu\u2019nu makam\u0131nda ziyaret etti. Ziyarette, misafir \u00f6\u011frenci ve \u00f6\u011fretmenleri a\u011f\u0131rlamaktan duydu\u011fu memnuniyeti dile getiren Kaymakam Alimo\u011flu, Erasmus projelerinin [&hellip;]"}