{"version":"1.0","provider_name":"Haber K\u0131n\u0131k","provider_url":"https:\/\/haberkinik.com","author_name":"ilyapsosyal","author_url":"https:\/\/haberkinik.com\/index.php\/author\/ilyapsosyal\/","title":"K\u0131n\u0131k\u2019ta 19 Eyl\u00fcl Gaziler G\u00fcn\u00fc Anma T\u00f6reni D\u00fczenlendi - Haber K\u0131n\u0131k","type":"rich","width":600,"height":338,"html":"<blockquote class=\"wp-embedded-content\" data-secret=\"OP0smi2wvZ\"><a href=\"https:\/\/haberkinik.com\/index.php\/2025\/09\/19\/kinikta-19-eylul-gaziler-gunu-anma-toreni-duzenlendi\/\">K\u0131n\u0131k\u2019ta 19 Eyl\u00fcl Gaziler G\u00fcn\u00fc Anma T\u00f6reni D\u00fczenlendi<\/a><\/blockquote><iframe sandbox=\"allow-scripts\" security=\"restricted\" src=\"https:\/\/haberkinik.com\/index.php\/2025\/09\/19\/kinikta-19-eylul-gaziler-gunu-anma-toreni-duzenlendi\/embed\/#?secret=OP0smi2wvZ\" width=\"600\" height=\"338\" title=\"&#8220;K\u0131n\u0131k\u2019ta 19 Eyl\u00fcl Gaziler G\u00fcn\u00fc Anma T\u00f6reni D\u00fczenlendi&#8221; &#8212; Haber K\u0131n\u0131k\" data-secret=\"OP0smi2wvZ\" frameborder=\"0\" marginwidth=\"0\" marginheight=\"0\" scrolling=\"no\" class=\"wp-embedded-content\"><\/iframe><script type=\"text\/javascript\">\n\/*! This file is auto-generated *\/\n!function(c,d){\"use strict\";var e=!1,o=!1;if(d.querySelector)if(c.addEventListener)e=!0;if(c.wp=c.wp||{},c.wp.receiveEmbedMessage);else if(c.wp.receiveEmbedMessage=function(e){var t=e.data;if(!t);else if(!(t.secret||t.message||t.value));else if(\/[^a-zA-Z0-9]\/.test(t.secret));else{for(var r,s,a,i=d.querySelectorAll('iframe[data-secret=\"'+t.secret+'\"]'),n=d.querySelectorAll('blockquote[data-secret=\"'+t.secret+'\"]'),o=new RegExp(\"^https?:$\",\"i\"),l=0;l<n.length;l++)n[l].style.display=\"none\";for(l=0;l<i.length;l++)if(r=i[l],e.source!==r.contentWindow);else{if(r.removeAttribute(\"style\"),\"height\"===t.message){if(1e3<(s=parseInt(t.value,10)))s=1e3;else if(~~s<200)s=200;r.height=s}if(\"link\"===t.message)if(s=d.createElement(\"a\"),a=d.createElement(\"a\"),s.href=r.getAttribute(\"src\"),a.href=t.value,!o.test(a.protocol));else if(a.host===s.host)if(d.activeElement===r)c.top.location.href=t.value}}},e)c.addEventListener(\"message\",c.wp.receiveEmbedMessage,!1),d.addEventListener(\"DOMContentLoaded\",t,!1),c.addEventListener(\"load\",t,!1);function t(){if(o);else{o=!0;for(var e,t,r,s=-1!==navigator.appVersion.indexOf(\"MSIE 10\"),a=!!navigator.userAgent.match(\/Trident.*rv:11\\.\/),i=d.querySelectorAll(\"iframe.wp-embedded-content\"),n=0;n<i.length;n++){if(!(r=(t=i[n]).getAttribute(\"data-secret\")))r=Math.random().toString(36).substr(2,10),t.src+=\"#?secret=\"+r,t.setAttribute(\"data-secret\",r);if(s||a)(e=t.cloneNode(!0)).removeAttribute(\"security\"),t.parentNode.replaceChild(e,t);t.contentWindow.postMessage({message:\"ready\",secret:r},\"*\")}}}}(window,document);\n<\/script>\n","thumbnail_url":"https:\/\/haberkinik.com\/storage\/2025\/09\/549525020_772201425696122_6651560943090535306_n.jpg?v=1758302534","thumbnail_width":2048,"thumbnail_height":1210,"description":"19 Eyl\u00fcl Gaziler G\u00fcn\u00fc dolay\u0131s\u0131yla K\u0131n\u0131k H\u00fck\u00fcmet Kona\u011f\u0131 bah\u00e7esinde anlaml\u0131 bir t\u00f6ren ger\u00e7ekle\u015ftirildi. T\u00f6rende, Gazi Mustafa Kemal Atat\u00fcrk, aziz \u015fehitlerimiz ve ebediyete irtihal eden kahraman gazilerimiz an\u0131s\u0131na Atat\u00fcrk An\u0131t\u0131\u2019na \u00e7elenk sunuldu. T\u00f6rene K\u0131n\u0131k Kaymakam\u0131 Onur Alimo\u011flu, K\u0131n\u0131k Belediye Ba\u015fkan\u0131 Sema Bodur, gaziler, \u015fehit yak\u0131nlar\u0131, kamu kurum amirleri, siyasi parti temsilcileri, sivil toplum kurulu\u015flar\u0131 ve vatanda\u015flar [&hellip;]"}