{"version":"1.0","provider_name":"Haber K\u0131n\u0131k","provider_url":"https:\/\/haberkinik.com","author_name":"ilyapsosyal","author_url":"https:\/\/haberkinik.com\/index.php\/author\/ilyapsosyal\/","title":"ODA VE KOOPERAT\u0130F BA\u015eKANLARINDAN Z\u0130YARET - Haber K\u0131n\u0131k","type":"rich","width":600,"height":338,"html":"<blockquote class=\"wp-embedded-content\" data-secret=\"Jgcth9b72M\"><a href=\"https:\/\/haberkinik.com\/index.php\/2025\/10\/15\/oda-ve-kooperatif-baskanlarindan-ziyaret\/\">ODA VE KOOPERAT\u0130F BA\u015eKANLARINDAN Z\u0130YARET<\/a><\/blockquote><iframe sandbox=\"allow-scripts\" security=\"restricted\" src=\"https:\/\/haberkinik.com\/index.php\/2025\/10\/15\/oda-ve-kooperatif-baskanlarindan-ziyaret\/embed\/#?secret=Jgcth9b72M\" width=\"600\" height=\"338\" title=\"&#8220;ODA VE KOOPERAT\u0130F BA\u015eKANLARINDAN Z\u0130YARET&#8221; &#8212; Haber K\u0131n\u0131k\" data-secret=\"Jgcth9b72M\" frameborder=\"0\" marginwidth=\"0\" marginheight=\"0\" scrolling=\"no\" class=\"wp-embedded-content\"><\/iframe><script type=\"text\/javascript\">\n\/*! This file is auto-generated *\/\n!function(c,d){\"use strict\";var e=!1,o=!1;if(d.querySelector)if(c.addEventListener)e=!0;if(c.wp=c.wp||{},c.wp.receiveEmbedMessage);else if(c.wp.receiveEmbedMessage=function(e){var t=e.data;if(!t);else if(!(t.secret||t.message||t.value));else if(\/[^a-zA-Z0-9]\/.test(t.secret));else{for(var r,s,a,i=d.querySelectorAll('iframe[data-secret=\"'+t.secret+'\"]'),n=d.querySelectorAll('blockquote[data-secret=\"'+t.secret+'\"]'),o=new RegExp(\"^https?:$\",\"i\"),l=0;l<n.length;l++)n[l].style.display=\"none\";for(l=0;l<i.length;l++)if(r=i[l],e.source!==r.contentWindow);else{if(r.removeAttribute(\"style\"),\"height\"===t.message){if(1e3<(s=parseInt(t.value,10)))s=1e3;else if(~~s<200)s=200;r.height=s}if(\"link\"===t.message)if(s=d.createElement(\"a\"),a=d.createElement(\"a\"),s.href=r.getAttribute(\"src\"),a.href=t.value,!o.test(a.protocol));else if(a.host===s.host)if(d.activeElement===r)c.top.location.href=t.value}}},e)c.addEventListener(\"message\",c.wp.receiveEmbedMessage,!1),d.addEventListener(\"DOMContentLoaded\",t,!1),c.addEventListener(\"load\",t,!1);function t(){if(o);else{o=!0;for(var e,t,r,s=-1!==navigator.appVersion.indexOf(\"MSIE 10\"),a=!!navigator.userAgent.match(\/Trident.*rv:11\\.\/),i=d.querySelectorAll(\"iframe.wp-embedded-content\"),n=0;n<i.length;n++){if(!(r=(t=i[n]).getAttribute(\"data-secret\")))r=Math.random().toString(36).substr(2,10),t.src+=\"#?secret=\"+r,t.setAttribute(\"data-secret\",r);if(s||a)(e=t.cloneNode(!0)).removeAttribute(\"security\"),t.parentNode.replaceChild(e,t);t.contentWindow.postMessage({message:\"ready\",secret:r},\"*\")}}}}(window,document);\n<\/script>\n","thumbnail_url":"https:\/\/haberkinik.com\/storage\/2025\/10\/Fotoram.io-4-e1760492240522.jpg?v=1760492224","thumbnail_width":1101,"thumbnail_height":429,"description":"K\u0131n\u0131k \u015eof\u00f6rler ve Otomobilciler Odas\u0131 Ba\u015fkan\u0131 Y\u00fccel \u015eim\u015fek, SS. K\u0131n\u0131k K\u00fc\u00e7\u00fck Otob\u00fcs\u00e7\u00fcler Karayolu Yolcu Ta\u015f\u0131ma Kooperatifi Ba\u015fkan\u0131 \u00c2dem G\u00f6n\u00fcll\u00fc ve Ba\u015fkan Yard\u0131mc\u0131s\u0131 Serdar Say\u0131r, K\u0131n\u0131k Kaymakam\u0131 Onur Alimo\u011flu\u2019nu makam\u0131nda ziyaret etti. Ger\u00e7ekle\u015fen ziyarette, il\u00e7edeki ula\u015f\u0131m hizmetleri ve minib\u00fcs esnaf\u0131n\u0131n talepleri de\u011ferlendirilirken, mevcut hizmet kalitesinin art\u0131r\u0131lmas\u0131 ve vatanda\u015f memnuniyetinin y\u00fckseltilmesine y\u00f6nelik g\u00f6r\u00fc\u015f al\u0131\u015fveri\u015finde bulunuldu. &nbsp;Ba\u015fkan Sema [&hellip;]"}